{"id":10,"date":"2019-12-12T07:57:56","date_gmt":"2019-12-12T06:57:56","guid":{"rendered":"https:\/\/xn--pointrnskldsvik-dtbe.se\/?page_id=10"},"modified":"2022-04-27T17:15:07","modified_gmt":"2022-04-27T15:15:07","slug":"start","status":"publish","type":"page","link":"https:\/\/xn--pointrnskldsvik-dtbe.se\/","title":{"rendered":"Start"},"content":{"rendered":"<!-- wp:themify-builder\/canvas \/--><!--themify_builder_static--><ul data-id=\"tb_04km77\" data-visible=\"1\" data-mob-visible=\"0\" data-scroll=\"1\" data-auto-scroll=\"off\" data-speed=\"1\" data-wrap=\"yes\" data-arrow=\"yes\" data-pagination=\"yes\" data-effect=\"scroll\" data-height=\"variable\" data-pause-on-hover=\"resume\" data-horizontal=\"no\" > \n <li> <img decoding=\"async\" loading=\"lazy\" src=\"https:\/\/xn--pointrnskldsvik-dtbe.se\/wp-content\/uploads\/2021\/12\/1-flygvy-beskuren-exempel-1024x627-1200x800.png\" width=\"1200\" height=\"800\" alt=\"1 flygvy beskuren - exempel\" \/> <\/li> <li> <img decoding=\"async\" loading=\"lazy\" src=\"https:\/\/xn--pointrnskldsvik-dtbe.se\/wp-content\/uploads\/2021\/12\/2-TORN-exterior-956x1024-1200x800.jpg\" width=\"1200\" height=\"800\" alt=\"2 TORN exteri\u00f6r\" \/> <\/li> <li> <img decoding=\"async\" loading=\"lazy\" src=\"https:\/\/xn--pointrnskldsvik-dtbe.se\/wp-content\/uploads\/2021\/12\/3-GRONA-HORNET-1024x717-1200x800.jpg\" width=\"1200\" height=\"800\" alt=\"3 GR\u00d6NA H\u00d6RNET\" \/> <\/li> <li> <img decoding=\"async\" loading=\"lazy\" src=\"https:\/\/xn--pointrnskldsvik-dtbe.se\/wp-content\/uploads\/2021\/12\/4-INNERGARD-1024x736-1200x800.jpg\" width=\"1200\" height=\"800\" alt=\"4 INNERG\u00c5RD\" \/> <\/li> <li> <img decoding=\"async\" loading=\"lazy\" src=\"https:\/\/xn--pointrnskldsvik-dtbe.se\/wp-content\/uploads\/2021\/12\/5-LAGENHET-interior-1024x751-1200x800.jpg\" width=\"1200\" height=\"800\" alt=\"5 L\u00c4GENHET interi\u00f6r\" \/> <\/li> <li> <img decoding=\"async\" loading=\"lazy\" src=\"https:\/\/xn--pointrnskldsvik-dtbe.se\/wp-content\/uploads\/2021\/12\/6-FOOD-TRUCKS-1024x768-1200x800.jpg\" width=\"1200\" height=\"800\" alt=\"6 FOOD TRUCKS\" \/> <\/li> <li> <img decoding=\"async\" loading=\"lazy\" src=\"https:\/\/xn--pointrnskldsvik-dtbe.se\/wp-content\/uploads\/2021\/12\/7-TORGET-kvall-Beskuren-1024x647-1200x800.jpg\" width=\"1200\" height=\"800\" alt=\"7 TORGET kv\u00e4ll Beskuren\" \/> <\/li> <li> <img decoding=\"async\" loading=\"lazy\" src=\"https:\/\/xn--pointrnskldsvik-dtbe.se\/wp-content\/uploads\/2021\/12\/8-TORN-interior-1024x751-1200x800.jpg\" width=\"1200\" height=\"800\" alt=\"8 TORN interi\u00f6r\" \/> <\/li> <\/ul>\n<h2>Om Kvarteret London \u00e5r 2024<\/h2>\n<p>Va\u030ar vision a\u0308r att utveckla Kv. London till en attraktiv, varierad och ha\u030allbar del av O\u0308rnsko\u0308ldsviks centrum. Genom att bygga ovanpa\u030a det befintliga Magasinet tillfo\u0308r vi staden nya bosta\u0308der och funktioner i ba\u0308sta la\u0308ge utan att ta va\u0308rdefull obebyggd mark i anspra\u030ak.<\/p> <p>Kv. London blir en tydlig och dynamisk mittpunkt i staden med boende, handel, service och kontor. D\u00e4r du kan bo i en fastighet med det mesta som du beh\u00f6ver f\u00f6r ett gott liv. Vardagens bestyr, stadens gemenskap, n\u00e4ra fr\u00e5n och till. I en fastighet som bidrar till ett sjudande liv som en mittpunkt f\u00f6r en hel ort. D\u00e4r olika generationer och m\u00e4nniskor med olika erfarenheter kan m\u00f6tas och umg\u00e5s, d\u00e4r inga tr\u00f6sklar finns f\u00f6r st\u00f6rre gemenskap.<\/p> <p>V\u00e4lkommen till Kvarteret London!<\/p>\n<ul> <li> <p dir=\"ltr\">Kv London skapar nya f\u00f6ruts\u00e4ttningar f\u00f6r en livskraftig centrumk\u00e4rna i \u00d6rnsk\u00f6ldsvik<\/p> <\/li> <li> <p dir=\"ltr\">Vardagslivets behov av handel och service finns samlat<\/p> <\/li> <li> <p dir=\"ltr\">Ett boende d\u00e4r det \u00e4r enkelt att umg\u00e5s<\/p> <\/li> <\/ul>\n<p style=\"text-align: center;\"><a style=\"color: #ffffff;\" href=\"#intresse\">Till intresseanm\u00e4lan<\/a><\/p>\n\n<ul data-id=\"tb_zcan110\" data-visible=\"1\" data-mob-visible=\"0\" data-scroll=\"1\" data-auto-scroll=\"off\" data-speed=\"1\" data-wrap=\"yes\" data-arrow=\"yes\" data-pagination=\"yes\" data-effect=\"scroll\" data-height=\"variable\" data-pause-on-hover=\"resume\" data-horizontal=\"no\" > \n <li> <img decoding=\"async\" loading=\"lazy\" src=\"https:\/\/xn--pointrnskldsvik-dtbe.se\/wp-content\/uploads\/2021\/12\/splitbild-1024x717-1200x800.jpg\" width=\"1200\" height=\"800\" alt=\"splitbild\" \/> <\/li> <\/ul>\n<h2>Point Properties \u00e5terskapar levande stadsk\u00e4rnor<\/h2>\n<p dir=\"ltr\">Point Properties \u00e4r ett fastighetsbolag som \u00e5terskapar skapar levande och attraktiva stadsk\u00e4rnor runt om i Sveriges sm\u00e5 och mellanstora st\u00e4der. Genom att utveckla v\u00e5ra fastigheter tar vi ett helhetsgrepp kring boende, handel och samh\u00e4llsservice som kommer hela orten tillgodo. Vi vill helt enkelt skapa ny mylla f\u00f6r att svenska stadsk\u00e4rnor \u00e5terigen ska blomma ut till vad de en g\u00e5ng var. En levande m\u00f6tesplats f\u00f6r alla m\u00e4nniskor som bor i en stad.<\/p>\n<ul> <li>Point Properties skapar levande och attraktiva stadsk\u00e4rnor <\/li> <li>Vi tar ett helhetsgrepp kring boende, handel och samh\u00e4llsservice<\/li> <li>Idag har vi 19 fastigheter i 13 kommuner runt om i landet<\/li> <li>De globala h\u00e5llbarhetsm\u00e5len mitt p\u00e5 torget \u2013 h\u00e5llbar utveckling \u00e4r f\u00f6r oss en sj\u00e4lvklarhet<\/li> <\/ul>\n<p style=\"text-align: center;\"><a style=\"color: #ffffff;\" href=\"#intresse\">Till intresseanm\u00e4lan<\/a><\/p>\n\n<ul data-id=\"tb_b757894\" data-visible=\"1\" data-mob-visible=\"0\" data-scroll=\"1\" data-auto-scroll=\"off\" data-speed=\"1\" data-wrap=\"yes\" data-arrow=\"yes\" data-pagination=\"yes\" data-effect=\"scroll\" data-height=\"variable\" data-pause-on-hover=\"resume\" data-horizontal=\"no\" > \n <li> <img decoding=\"async\" loading=\"lazy\" src=\"https:\/\/xn--pointrnskldsvik-dtbe.se\/wp-content\/uploads\/2021\/12\/4-INNERGARD-1024x736-1200x800.jpg\" width=\"1200\" height=\"800\" alt=\"4 INNERG\u00c5RD\" \/> <\/li> <\/ul>\n<h2>Boende mitt i centrum<\/h2>\n<p>Bor du i Kvarteret London bor du n\u00e4ra och enkelt till det mesta. Du bor mitt i centrum och har det mesta som du beh\u00f6ver f\u00f6r vardagen i fastigheten och runtomkring. Du kan umg\u00e5s p\u00e5 fastigheten, i city och har n\u00e4ra till natur och sj\u00f6.<\/p>\n<ul> <li> <p dir=\"ltr\">60 hyresl\u00e4genheter d\u00e4r du kan v\u00e4lja mellan 1-4 rum och k\u00f6k<\/p> <\/li> <li> <p dir=\"ltr\">Hissar i fastigheterna<\/p> <\/li> <li> <p dir=\"ltr\">Gemensam innerg\u00e5rd med gr\u00f6nska och \u00f6ppna ytor<\/p> <\/li> <li> <p dir=\"ltr\">Enkelt att umg\u00e5s och ta del av vad staden har att erbjuda<\/p> <\/li> <\/ul>\n<p style=\"text-align: center;\"><a style=\"color: #ffffff;\" href=\"#intresse\">Till intresseanm\u00e4lan<\/a><\/p>\n\n<ul data-id=\"tb_2qja261\" data-visible=\"1\" data-mob-visible=\"0\" data-scroll=\"1\" data-auto-scroll=\"off\" data-speed=\".5\" data-wrap=\"yes\" data-arrow=\"yes\" data-pagination=\"yes\" data-effect=\"scroll\" data-height=\"variable\" data-pause-on-hover=\"resume\" data-horizontal=\"no\" > \n <li> <img decoding=\"async\" loading=\"lazy\" src=\"https:\/\/xn--pointrnskldsvik-dtbe.se\/wp-content\/uploads\/2021\/12\/5-LAGENHET-interior-1024x751-1200x800.jpg\" width=\"1200\" height=\"800\" alt=\"5 L\u00c4GENHET interi\u00f6r\" \/> <\/li> <\/ul>\n<h2>Hyresl\u00e4genheterna<\/h2>\n<p dir=\"ltr\">Oavsett om du v\u00e4ljer att bo i ett rum och k\u00f6k, eller fyra \u2013 varje l\u00e4genhet \u00e4r utrustad med en hel stad. Inklusive ett hus d\u00e4r du finner det mesta som du beh\u00f6ver f\u00f6r en bekv\u00e4m och sk\u00f6n vardag. Precis utanf\u00f6r din tr\u00f6skel.<\/p>\n<ul> <li> <p dir=\"ltr\">Totalt 60 stycken<\/p> <\/li> <li> <p dir=\"ltr\">1 rok \u2013 9 st om 35 kvm<\/p> <\/li> <li> <p dir=\"ltr\">2 rok \u2013 23 st om 49 kvm<\/p> <\/li> <li> <p dir=\"ltr\">3 rok \u2013 22 st om 75 kvm<\/p> <\/li> <li> <p dir=\"ltr\">4 rok \u2013 6 st om 88 kvm<\/p> <\/li> <\/ul>\n\n<ul data-id=\"tb_rrhx257\" data-visible=\"1\" data-mob-visible=\"0\" data-scroll=\"1\" data-auto-scroll=\"off\" data-speed=\".5\" data-wrap=\"yes\" data-arrow=\"yes\" data-pagination=\"yes\" data-effect=\"scroll\" data-height=\"variable\" data-pause-on-hover=\"resume\" data-horizontal=\"no\" > \n <li> <img decoding=\"async\" loading=\"lazy\" src=\"https:\/\/xn--pointrnskldsvik-dtbe.se\/wp-content\/uploads\/2019\/12\/3-Kv-Pl\u00e5tslagaren-2022-Rakt-fr\u00e5n-Torget--1024x724-1200x800.jpg\" width=\"1200\" height=\"800\" alt=\"3-Kv-Pl\u00e5tslagaren-2022-Rakt-fr\u00e5n-Torget-\" \/> <\/li> <\/ul>\n<h2 dir=\"ltr\">Se v\u00e5ra projekt i Motala, Trelleborg, Bolln\u00e4s och Karlskoga<\/h2>\n<p>I\u00a0december 2019 lanserades v\u00e5rt f\u00f6rsta projekt i Motala, d\u00e4refter Trelleborg, Bolln\u00e4s och Karlskoga. Titta g\u00e4rna och se mer av dessa fina projekt, men vi tror nog \u00e4nd\u00e5 att du kommer trivas b\u00e4st i \u00d6rnsk\u00f6ldsvik! <a href=\"https:\/\/www.pointproperties.se\/\" target=\"_blank\" rel=\"noopener\" data-saferedirecturl=\"https:\/\/www.google.com\/url?q=https:\/\/www.pointproperties.se\/&amp;source=gmail&amp;ust=1625004286425000&amp;usg=AFQjCNH9xNV14muNdejctNyQ1Azp5ASsJQ\">L\u00e4s mer h\u00e4r.<\/a><\/p>\n\n<h2>Point Properties styrelse<\/h2>\n<p>Point Properties ledning och styrelse har l\u00e5ng och bred erfarenhet inom fastigheter, n\u00e4ringsliv, politik och samh\u00e4lle. Olika komponenter som tillsammans bildar just det som Point st\u00e5r f\u00f6r. Att se m\u00f6jligheterna f\u00f6r landets stadsk\u00e4rnor att utvecklas till stadsstj\u00e4rnor.<\/p>\n<img decoding=\"async\" src=\"http:\/\/media.pointmotala.se\/2019\/12\/bjorn-rosengren.jpg\" alt=\"\" \/>\n<h3>Bj\u00f6rn Rosengren, styrelseordf\u00f6rande<\/h3> <p style=\"text-align: center;\">Bj\u00f6rn har varit r\u00e5dgivare under 13 \u00e5r till b\u00f6rsnoterade Kinneviksf\u00e4ren, och \u00e4r idag verksam som entrepren\u00f6r och styrelsemedlem. Tidigare har han varit aktiv i politiken som n\u00e4ringslivsminister, i statsf\u00f6rvaltningen som landsh\u00f6vding samt chef f\u00f6r TCO och p\u00e5 toppniv\u00e5 inom fackf\u00f6reningsr\u00f6relsen<\/p>\n<img decoding=\"async\" src=\"http:\/\/media.pointmotala.se\/2019\/12\/carl-bildt.jpg\" alt=\"\" \/>\n<h3>Carl Bildt, styrelseledamot<\/h3> <p style=\"text-align: center;\">Carl har tidigare varit partiordf\u00f6rande (Moderata Samlingspartiet, 1986\u20131999), utrikesminister (2006\u20132014) och statsminister (1991\u20131994). D\u00e4rtill har han haft en rad internationella uppdrag, bland annat inom FN. Idag har han uppdrag som styrelseledamot i n\u00e4ringslivet och inom den internationella ideella sektorn.<\/p>\n<img decoding=\"async\" src=\"http:\/\/media.pointmotala.se\/2019\/12\/karl-johan-jarnheimer.jpg\" alt=\"\" \/>\n<h3>Lars-Johan Jarnheimer, styrelseledamot<\/h3> <p style=\"text-align: center;\">Lars-Johan har gedigen erfarenhet som aff\u00e4rsledare med poster som VD och koncernchef p\u00e5 Tele2 samt VD inom Kinnevikkoncernen. Nyligen utn\u00e4mnd till styrelseordf\u00f6rande i Telia. \u00c5r 2003 tilldelades han utm\u00e4rkelsen \u00c5rets ledare.<\/p>\n<img decoding=\"async\" src=\"http:\/\/media.pointmotala.se\/2019\/12\/bjorn-rosengren.jpg\" alt=\"\" \/>\n<h3>Bj\u00f6rn Rosengren, styrelseordf\u00f6rande<\/h3> <p style=\"text-align: center;\">Bj\u00f6rn har varit r\u00e5dgivare under 13 \u00e5r till b\u00f6rsnoterade Kinneviksf\u00e4ren, och \u00e4r idag verksam som entrepren\u00f6r och styrelsemedlem. Tidigare har han varit aktiv i politiken som n\u00e4ringslivsminister, i statsf\u00f6rvaltningen som landsh\u00f6vding samt chef f\u00f6r TCO och p\u00e5 toppniv\u00e5 inom fackf\u00f6reningsr\u00f6relsen<\/p>\n<img decoding=\"async\" src=\"http:\/\/media.pointmotala.se\/2019\/12\/carl-bildt.jpg\" alt=\"\" \/>\n<h3>Carl Bildt, styrelseledamot<\/h3> <p style=\"text-align: center;\">Carl har tidigare varit partiordf\u00f6rande (Moderata Samlingspartiet, 1986\u20131999), utrikesminister (2006\u20132014) och statsminister (1991\u20131994). D\u00e4rtill har han haft en rad internationella uppdrag, bland annat inom FN. Idag har han uppdrag som styrelseledamot i n\u00e4ringslivet och inom den internationella ideella sektorn.<\/p>\n<img decoding=\"async\" src=\"http:\/\/media.pointmotala.se\/2019\/12\/karl-johan-jarnheimer.jpg\" alt=\"\" \/>\n<h3>Lars-Johan Jarnheimer, styrelseledamot<\/h3> <p style=\"text-align: center;\">Lars-Johan har gedigen erfarenhet som aff\u00e4rsledare med poster som VD och koncernchef p\u00e5 Tele2 samt VD inom Kinnevikkoncernen. Utn\u00e4mnd 2019 till styrelseordf\u00f6rande i Telia. \u00c5r 2003 tilldelades han utm\u00e4rkelsen \u00c5rets ledare.<\/p>\n<img decoding=\"async\" src=\"http:\/\/media.pointmotala.se\/2019\/12\/paul-larsson.jpg\" alt=\"\" \/>\n<h3>Paul \u201dDino\u201d Larsson, styrelseledamot<\/h3> <p style=\"text-align: center;\">Paul \u00e4r specialiserad inom dagligvaruhandel och har betydelsefull erfarenhet av att driva matbutiker, vilket innefattar allt fr\u00e5n personalansvar till konceptutveckling av bl.a. digitala betalningsl\u00f6sningar. Idag \u00e4r Paul verksam som handlare och entrepren\u00f6r p\u00e5 Maxi Ica Stormarknad i Visby.<\/p>\n<img decoding=\"async\" src=\"http:\/\/media.pointmotala.se\/2019\/12\/paul-larsson.jpg\" alt=\"\" \/>\n<h3>Paul \u201dDino\u201d Larsson, styrelseledamot<\/h3> <p style=\"text-align: center;\">Paul \u00e4r specialiserad inom dagligvaruhandel och har betydelsefull erfarenhet av att driva matbutiker, vilket innefattar allt fr\u00e5n personalansvar till konceptutveckling av bl.a. digitala betalningsl\u00f6sningar. Idag \u00e4r Paul verksam som handlare och entrepren\u00f6r p\u00e5 Maxi Ica Stormarknad i Visby.<\/p>\n<img decoding=\"async\" src=\"http:\/\/media.pointmotala.se\/2019\/12\/erik-tillberg-1.jpg\" alt=\"\" \/>\n<h3>Erik Tillberg, styrelseledamot<\/h3> <p style=\"text-align: center;\">Erik har 25 \u00e5rs internationell erfarenhet som konsult inom aff\u00e4rsutveckling och varum\u00e4rkesr\u00e5dgivning. Under sin karri\u00e4r har han arbetat med hundratals kunder inom privat och offentlig sektor. Erik \u00e4r idag VD och partner p\u00e5 aff\u00e4rsutvecklings- och varum\u00e4rkesbyr\u00e5n Priority Group.<\/p>\n<img decoding=\"async\" src=\"https:\/\/www.xn--pointbollns-u8a.se\/wp-content\/uploads\/2021\/03\/Joachim-Kuylenstierna-Fastator-2.png\" alt=\"\" \/>\n<h3>Joachim Kuylenstierna, styrelseledamot<\/h3> <p style=\"text-align: center;\">Joachim \u00e4r en av grundarna till Fastator (\u00e4gare till Point Properties). Han har \u00f6ver 25 \u00e5rs erfarenhet av att bygga upp och driva fastighetsprojekt. De senaste \u00e5ren har Joachim varit verksam som entrepren\u00f6r inom fastighetsbranschen, samt varit VD f\u00f6r ett flertal fastighetsrelaterade bolag.<\/p>\n<img decoding=\"async\" src=\"http:\/\/media.pointmotala.se\/2019\/12\/erik-tillberg-1.jpg\" alt=\"\" \/>\n<h3>Erik Tillberg<\/h3> <p style=\"text-align: center;\">Erik har 25 \u00e5rs internationell erfarenhet som konsult inom aff\u00e4rsutveckling och varum\u00e4rkesr\u00e5dgivning. Under sin karri\u00e4r har han arbetat med hundratals kunder inom privat och offentlig sektor. Erik \u00e4r idag VD och partner p\u00e5 aff\u00e4rsutvecklings- och varum\u00e4rkesbyr\u00e5n Priority Group.<\/p>\n<img decoding=\"async\" src=\"http:\/\/media.pointmotala.se\/2020\/06\/Joachim_Kuylenstierna_.jpg\" alt=\"\" \/>\n<h3>Joachim Kuylenstierna<\/h3> <p style=\"text-align: center;\">Joachim \u00e4r en av grundarna till Fastator (\u00e4gare till Point Properties). Han har \u00f6ver 25 \u00e5rs erfarenhet av att bygga upp och driva fastighetsprojekt. De senaste \u00e5ren har Joachim varit verksam som entrepren\u00f6r inom fastighetsbranschen, samt varit VD f\u00f6r ett flertal fastighetsrelaterade bolag.<\/p>\n<img decoding=\"async\" loading=\"lazy\" width=\"415\" height=\"414\" src=\"https:\/\/xn--pointrnskldsvik-dtbe.se\/wp-content\/uploads\/2021\/06\/magnus-vd-ny.jpg\" alt=\"magnus-vd-ny\" srcset=\"https:\/\/xn--pointrnskldsvik-dtbe.se\/wp-content\/uploads\/2021\/06\/magnus-vd-ny.jpg 415w, https:\/\/xn--pointrnskldsvik-dtbe.se\/wp-content\/uploads\/2021\/06\/magnus-vd-ny-300x300.jpg 300w, https:\/\/xn--pointrnskldsvik-dtbe.se\/wp-content\/uploads\/2021\/06\/magnus-vd-ny-150x150.jpg 150w\" sizes=\"(max-width: 415px) 100vw, 415px\" \/>\n<h3>Magnus \u00c5kesson, VD<\/h3> <p style=\"text-align: center;\">Magnus \u00c5kesson \u00e4r civilingenj\u00f6r inom fastighetsekonomi och juridik, och har i n\u00e4rmare tv\u00e5 decennier arbetat p\u00e5 olika ledande bolag inom f\u00f6rvaltning och projektutveckling. Fr\u00e4mst med inriktning p\u00e5 handelsfastigheter, centrumanl\u00e4ggningar och stadsdelscentrum. Genom \u00e5ren har han varit ansvarig f\u00f6r ett tjugotal centrumanl\u00e4ggningar, huvudansvarig f\u00f6r Solna Centrums ombyggnation och \u00e4ven arbetat med Mall of Scandinavia.<\/p>\n\n<h2>Intresseanm\u00e4lan f\u00f6r l\u00e4genhet<\/h2>\n<p>Du kan anm\u00e4la ditt intresse f\u00f6r bostad redan idag. Anm\u00e4lan \u00e4r inte bindande p\u00e5 n\u00e5got s\u00e4tt, och du kommer fortl\u00f6pande att f\u00e5 information om Kvartersstaden R\u00e5kan.<\/p>\n<div class=\"wpforms-container wpforms-container-full\" id=\"wpforms-169\"><form id=\"wpforms-form-169\" class=\"wpforms-validate wpforms-form\" data-formid=\"169\" method=\"post\" enctype=\"multipart\/form-data\" action=\"\/index.php?rest_route=%2Fwp%2Fv2%2Fpages%2F10\" data-token=\"0097703c83a81d23b0672c3f43ecf7b2\"><noscript class=\"wpforms-error-noscript\">Aktivera JavaScript i din webbl\u00e4sare f\u00f6r att slutf\u00f6ra detta formul\u00e4r.<\/noscript><div class=\"wpforms-field-container\"><div id=\"wpforms-169-field_0-container\" class=\"wpforms-field wpforms-field-name\" data-field-id=\"0\"><label class=\"wpforms-field-label\" for=\"wpforms-169-field_0\">Namn <span class=\"wpforms-required-label\">*<\/span><\/label><div class=\"wpforms-field-row wpforms-field-medium\"><div class=\"wpforms-field-row-block wpforms-first wpforms-one-half\"><input type=\"text\" id=\"wpforms-169-field_0\" class=\"wpforms-field-name-first wpforms-field-required\" name=\"wpforms[fields][0][first]\" required><label for=\"wpforms-169-field_0\" class=\"wpforms-field-sublabel after \">F\u00f6rst<\/label><\/div><div class=\"wpforms-field-row-block wpforms-one-half\"><input type=\"text\" id=\"wpforms-169-field_0-last\" class=\"wpforms-field-name-last wpforms-field-required\" name=\"wpforms[fields][0][last]\" required><label for=\"wpforms-169-field_0-last\" class=\"wpforms-field-sublabel after \">Sist<\/label><\/div><\/div><\/div><div id=\"wpforms-169-field_1-container\" class=\"wpforms-field wpforms-field-email\" data-field-id=\"1\"><label class=\"wpforms-field-label\" for=\"wpforms-169-field_1\">Epost <span class=\"wpforms-required-label\">*<\/span><\/label><input type=\"email\" id=\"wpforms-169-field_1\" class=\"wpforms-field-medium wpforms-field-required\" name=\"wpforms[fields][1]\" required><\/div><div id=\"wpforms-169-field_4-container\" class=\"wpforms-field wpforms-field-checkbox\" data-field-id=\"4\"><label class=\"wpforms-field-label\" for=\"wpforms-169-field_4\">Jag \u00e4r intresserad av: <span class=\"wpforms-required-label\">*<\/span><\/label><ul id=\"wpforms-169-field_4\" class=\"wpforms-field-required\"><li class=\"choice-1 depth-1\"><input type=\"checkbox\" id=\"wpforms-169-field_4_1\" name=\"wpforms[fields][4][]\" value=\"1 rok ca 35 kvm\" required ><label class=\"wpforms-field-label-inline\" for=\"wpforms-169-field_4_1\">1 rok ca 35 kvm<\/label><\/li><li class=\"choice-2 depth-1\"><input type=\"checkbox\" id=\"wpforms-169-field_4_2\" name=\"wpforms[fields][4][]\" value=\"2 rok 49 kvm\" required ><label class=\"wpforms-field-label-inline\" for=\"wpforms-169-field_4_2\">2 rok 49 kvm<\/label><\/li><li class=\"choice-3 depth-1\"><input type=\"checkbox\" id=\"wpforms-169-field_4_3\" name=\"wpforms[fields][4][]\" value=\"3 rok 75 kvm\" required ><label class=\"wpforms-field-label-inline\" for=\"wpforms-169-field_4_3\">3 rok 75 kvm<\/label><\/li><li class=\"choice-4 depth-1\"><input type=\"checkbox\" id=\"wpforms-169-field_4_4\" name=\"wpforms[fields][4][]\" value=\"4 rok \u2013 88 kvm\" required ><label class=\"wpforms-field-label-inline\" for=\"wpforms-169-field_4_4\">4 rok \u2013 88 kvm<\/label><\/li><\/ul><\/div><div id=\"wpforms-169-field_3-container\" class=\"wpforms-field wpforms-field-radio\" data-field-id=\"3\"><label class=\"wpforms-field-label\" for=\"wpforms-169-field_3\">\u00c5lder: <span class=\"wpforms-required-label\">*<\/span><\/label><ul id=\"wpforms-169-field_3\" class=\"wpforms-field-required\"><li class=\"choice-1 depth-1\"><input type=\"radio\" id=\"wpforms-169-field_3_1\" name=\"wpforms[fields][3]\" value=\"18 - 25\" required ><label class=\"wpforms-field-label-inline\" for=\"wpforms-169-field_3_1\">18 - 25<\/label><\/li><li class=\"choice-2 depth-1\"><input type=\"radio\" id=\"wpforms-169-field_3_2\" name=\"wpforms[fields][3]\" value=\"25 - 60\" required ><label class=\"wpforms-field-label-inline\" for=\"wpforms-169-field_3_2\">25 - 60<\/label><\/li><li class=\"choice-3 depth-1\"><input type=\"radio\" id=\"wpforms-169-field_3_3\" name=\"wpforms[fields][3]\" value=\"60 +\" required ><label class=\"wpforms-field-label-inline\" for=\"wpforms-169-field_3_3\">60 +<\/label><\/li><\/ul><\/div><div id=\"wpforms-169-field_5-container\" class=\"wpforms-field wpforms-field-gdpr-checkbox\" data-field-id=\"5\"><label class=\"wpforms-field-label\" for=\"wpforms-169-field_5\">GDPR <span class=\"wpforms-required-label\">*<\/span><\/label><ul id=\"wpforms-169-field_5\" class=\"wpforms-field-required\"><li class=\"choice-1\"><input type=\"checkbox\" id=\"wpforms-169-field_5_1\" name=\"wpforms[fields][5][]\" value=\"Jag samtycker till att Point Properties f\u00e5r min information s\u00e5 att dom kan informera mig vidare. Denna data kommer inte s\u00e4ljas\/delas med andra eller anv\u00e4ndas i andra syften.\" required ><label class=\"wpforms-field-label-inline\" for=\"wpforms-169-field_5_1\">Jag samtycker till att Point Properties f\u00e5r min information s\u00e5 att dom kan informera mig vidare. Denna data kommer inte s\u00e4ljas\/delas med andra eller anv\u00e4ndas i andra syften.<\/label><\/li><\/ul><\/div><\/div><div class=\"wpforms-submit-container\"><input type=\"hidden\" name=\"wpforms[id]\" value=\"169\"><input type=\"hidden\" name=\"wpforms[author]\" value=\"1\"><button type=\"submit\" name=\"wpforms[submit]\" id=\"wpforms-submit-169\" class=\"wpforms-submit\" data-alt-text=\"Skickar...\" data-submit-text=\"Skicka\" aria-live=\"assertive\" value=\"wpforms-submit\">Skicka<\/button><\/div><\/form><\/div>  <!-- .wpforms-container --><!--\/themify_builder_static-->","protected":false},"excerpt":{"rendered":"<p>Om Kvarteret London \u00e5r 2024 Va\u030ar vision a\u0308r att utveckla Kv. London till en attraktiv, varierad och ha\u030allbar del av O\u0308rnsko\u0308ldsviks centrum. Genom att bygga ovanpa\u030a det befintliga Magasinet tillfo\u0308r vi staden nya bosta\u0308der och funktioner i ba\u0308sta la\u0308ge utan att ta va\u0308rdefull obebyggd mark i anspra\u030ak. Kv. London blir en tydlig och dynamisk mittpunkt [&hellip;]<\/p>\n","protected":false},"author":1,"featured_media":0,"parent":0,"menu_order":0,"comment_status":"closed","ping_status":"closed","template":"","meta":[],"builder_content":"<img src=\"data:image\/svg+xml;charset=UTF-8,%3Csvg%20xmlns%3D%22http%3A%2F%2Fwww.w3.org%2F2000%2Fsvg%22%20width%3D%221200%22%20height%3D%22800%22%3E%3Cg%20fill%3D%22%23d4cac0%22%3E%3Crect%20width%3D%22400%22%20height%3D%22266%22%2F%3E%3Crect%20width%3D%22400%22%20height%3D%22266%22%20fill%3D%22%23ede1d6%22%20x%3D%22400%22%2F%3E%3Crect%20width%3D%22400%22%20height%3D%22266%22%20fill%3D%22%23f9ebdc%22%20x%3D%22800%22%2F%3E%3Crect%20width%3D%22400%22%20height%3D%22266%22%20fill%3D%22%23584738%22%20y%3D%22266%22%2F%3E%3Crect%20width%3D%22400%22%20height%3D%22266%22%20fill%3D%22%237e6350%22%20x%3D%22400%22%20y%3D%22266%22%2F%3E%3Crect%20width%3D%22400%22%20height%3D%22266%22%20fill%3D%22%23998986%22%20x%3D%22800%22%20y%3D%22266%22%2F%3E%3Crect%20width%3D%22400%22%20height%3D%22266%22%20fill%3D%22%23391613%22%20y%3D%22532%22%2F%3E%3Crect%20width%3D%22400%22%20height%3D%22266%22%20fill%3D%22%23433735%22%20x%3D%22400%22%20y%3D%22532%22%2F%3E%3Crect%20width%3D%22400%22%20height%3D%22266%22%20fill%3D%22%234a3730%22%20x%3D%22800%22%20y%3D%22532%22%2F%3E%3C%2Fg%3E%3C%2Fsvg%3E\" loading=\"lazy\" data-lazy=\"1\" decoding=\"async\" data-tf-src=\"https:\/\/xn--pointrnskldsvik-dtbe.se\/wp-content\/uploads\/2021\/12\/1-flygvy-beskuren-exempel-1024x627-1200x800.png\" width=\"1200\" height=\"800\" title=\"1 flygvy beskuren - exempel\" alt=\"1 flygvy beskuren - exempel\"><noscript><img data-tf-not-load data-no-script src=\"https:\/\/xn--pointrnskldsvik-dtbe.se\/wp-content\/uploads\/2021\/12\/1-flygvy-beskuren-exempel-1024x627-1200x800.png\" width=\"1200\" height=\"800\" title=\"1 flygvy beskuren - exempel\" alt=\"1 flygvy beskuren - exempel\"><\/noscript> <img src=\"data:image\/svg+xml;charset=UTF-8,%3Csvg%20xmlns%3D%22http%3A%2F%2Fwww.w3.org%2F2000%2Fsvg%22%20width%3D%221200%22%20height%3D%22800%22%3E%3Cg%20fill%3D%22%2357625c%22%3E%3Crect%20width%3D%22400%22%20height%3D%22266%22%2F%3E%3Crect%20width%3D%22400%22%20height%3D%22266%22%20fill%3D%22%23917d76%22%20x%3D%22400%22%2F%3E%3Crect%20width%3D%22400%22%20height%3D%22266%22%20fill%3D%22%2398b2d3%22%20x%3D%22800%22%2F%3E%3Crect%20width%3D%22400%22%20height%3D%22266%22%20fill%3D%22%234d5665%22%20y%3D%22266%22%2F%3E%3Crect%20width%3D%22400%22%20height%3D%22266%22%20fill%3D%22%2380776e%22%20x%3D%22400%22%20y%3D%22266%22%2F%3E%3Crect%20width%3D%22400%22%20height%3D%22266%22%20fill%3D%22%2386a8d6%22%20x%3D%22800%22%20y%3D%22266%22%2F%3E%3Crect%20width%3D%22400%22%20height%3D%22266%22%20fill%3D%22%23445571%22%20y%3D%22532%22%2F%3E%3Crect%20width%3D%22400%22%20height%3D%22266%22%20fill%3D%22%2332363f%22%20x%3D%22400%22%20y%3D%22532%22%2F%3E%3Crect%20width%3D%22400%22%20height%3D%22266%22%20fill%3D%22%23bbd3ef%22%20x%3D%22800%22%20y%3D%22532%22%2F%3E%3C%2Fg%3E%3C%2Fsvg%3E\" loading=\"lazy\" data-lazy=\"1\" decoding=\"async\" data-tf-src=\"https:\/\/xn--pointrnskldsvik-dtbe.se\/wp-content\/uploads\/2021\/12\/2-TORN-exterior-956x1024-1200x800.jpg\" width=\"1200\" height=\"800\" title=\"2 TORN exteri\u00f6r\" alt=\"2 TORN exteri\u00f6r\"><noscript><img data-tf-not-load data-no-script src=\"https:\/\/xn--pointrnskldsvik-dtbe.se\/wp-content\/uploads\/2021\/12\/2-TORN-exterior-956x1024-1200x800.jpg\" width=\"1200\" height=\"800\" title=\"2 TORN exteri\u00f6r\" alt=\"2 TORN exteri\u00f6r\"><\/noscript> <img src=\"data:image\/svg+xml;charset=UTF-8,%3Csvg%20xmlns%3D%22http%3A%2F%2Fwww.w3.org%2F2000%2Fsvg%22%20width%3D%221200%22%20height%3D%22800%22%3E%3Cg%20fill%3D%22%2395afd4%22%3E%3Crect%20width%3D%22400%22%20height%3D%22266%22%2F%3E%3Crect%20width%3D%22400%22%20height%3D%22266%22%20fill%3D%22%2388aad8%22%20x%3D%22400%22%2F%3E%3Crect%20width%3D%22400%22%20height%3D%22266%22%20fill%3D%22%238caedc%22%20x%3D%22800%22%2F%3E%3Crect%20width%3D%22400%22%20height%3D%22266%22%20fill%3D%22%23060608%22%20y%3D%22266%22%2F%3E%3Crect%20width%3D%22400%22%20height%3D%22266%22%20fill%3D%22%239dbde3%22%20x%3D%22400%22%20y%3D%22266%22%2F%3E%3Crect%20width%3D%22400%22%20height%3D%22266%22%20fill%3D%22%23a3c1e5%22%20x%3D%22800%22%20y%3D%22266%22%2F%3E%3Crect%20width%3D%22400%22%20height%3D%22266%22%20fill%3D%22%23dccbaf%22%20y%3D%22532%22%2F%3E%3Crect%20width%3D%22400%22%20height%3D%22266%22%20fill%3D%22%235d534a%22%20x%3D%22400%22%20y%3D%22532%22%2F%3E%3Crect%20width%3D%22400%22%20height%3D%22266%22%20fill%3D%22%233d443c%22%20x%3D%22800%22%20y%3D%22532%22%2F%3E%3C%2Fg%3E%3C%2Fsvg%3E\" loading=\"lazy\" data-lazy=\"1\" decoding=\"async\" data-tf-src=\"https:\/\/xn--pointrnskldsvik-dtbe.se\/wp-content\/uploads\/2021\/12\/3-GRONA-HORNET-1024x717-1200x800.jpg\" width=\"1200\" height=\"800\" title=\"3 GR\u00d6NA H\u00d6RNET\" alt=\"3 GR\u00d6NA H\u00d6RNET\"><noscript><img data-tf-not-load data-no-script src=\"https:\/\/xn--pointrnskldsvik-dtbe.se\/wp-content\/uploads\/2021\/12\/3-GRONA-HORNET-1024x717-1200x800.jpg\" width=\"1200\" height=\"800\" title=\"3 GR\u00d6NA H\u00d6RNET\" alt=\"3 GR\u00d6NA H\u00d6RNET\"><\/noscript> <img src=\"data:image\/svg+xml;charset=UTF-8,%3Csvg%20xmlns%3D%22http%3A%2F%2Fwww.w3.org%2F2000%2Fsvg%22%20width%3D%221200%22%20height%3D%22800%22%3E%3Cg%20fill%3D%22%23c4d6ee%22%3E%3Crect%20width%3D%22400%22%20height%3D%22266%22%2F%3E%3Crect%20width%3D%22400%22%20height%3D%22266%22%20fill%3D%22%23d9e3ef%22%20x%3D%22400%22%2F%3E%3Crect%20width%3D%22400%22%20height%3D%22266%22%20fill%3D%22%23e9f0f8%22%20x%3D%22800%22%2F%3E%3Crect%20width%3D%22400%22%20height%3D%22266%22%20fill%3D%22%23614f41%22%20y%3D%22266%22%2F%3E%3Crect%20width%3D%22400%22%20height%3D%22266%22%20fill%3D%22%23f1f5f8%22%20x%3D%22400%22%20y%3D%22266%22%2F%3E%3Crect%20width%3D%22400%22%20height%3D%22266%22%20fill%3D%22%2397956e%22%20x%3D%22800%22%20y%3D%22266%22%2F%3E%3Crect%20width%3D%22400%22%20height%3D%22266%22%20fill%3D%22%235f5651%22%20y%3D%22532%22%2F%3E%3Crect%20width%3D%22400%22%20height%3D%22266%22%20fill%3D%22%233b3330%22%20x%3D%22400%22%20y%3D%22532%22%2F%3E%3Crect%20width%3D%22400%22%20height%3D%22266%22%20fill%3D%22%233d4142%22%20x%3D%22800%22%20y%3D%22532%22%2F%3E%3C%2Fg%3E%3C%2Fsvg%3E\" loading=\"lazy\" data-lazy=\"1\" decoding=\"async\" data-tf-src=\"https:\/\/xn--pointrnskldsvik-dtbe.se\/wp-content\/uploads\/2021\/12\/4-INNERGARD-1024x736-1200x800.jpg\" width=\"1200\" height=\"800\" title=\"4 INNERG\u00c5RD\" alt=\"4 INNERG\u00c5RD\"><noscript><img data-tf-not-load data-no-script src=\"https:\/\/xn--pointrnskldsvik-dtbe.se\/wp-content\/uploads\/2021\/12\/4-INNERGARD-1024x736-1200x800.jpg\" width=\"1200\" height=\"800\" title=\"4 INNERG\u00c5RD\" alt=\"4 INNERG\u00c5RD\"><\/noscript> <img src=\"data:image\/svg+xml;charset=UTF-8,%3Csvg%20xmlns%3D%22http%3A%2F%2Fwww.w3.org%2F2000%2Fsvg%22%20width%3D%221200%22%20height%3D%22800%22%3E%3Cg%20fill%3D%22%23f2f2f0%22%3E%3Crect%20width%3D%22400%22%20height%3D%22266%22%2F%3E%3Crect%20width%3D%22400%22%20height%3D%22266%22%20fill%3D%22%23d7ccb6%22%20x%3D%22400%22%2F%3E%3Crect%20width%3D%22400%22%20height%3D%22266%22%20fill%3D%22%23ccc0b0%22%20x%3D%22800%22%2F%3E%3Crect%20width%3D%22400%22%20height%3D%22266%22%20fill%3D%22%23f0f0ee%22%20y%3D%22266%22%2F%3E%3Crect%20width%3D%22400%22%20height%3D%22266%22%20fill%3D%22%23d7ccba%22%20x%3D%22400%22%20y%3D%22266%22%2F%3E%3Crect%20width%3D%22400%22%20height%3D%22266%22%20fill%3D%22%23ae957f%22%20x%3D%22800%22%20y%3D%22266%22%2F%3E%3Crect%20width%3D%22400%22%20height%3D%22266%22%20fill%3D%22%23ede9e8%22%20y%3D%22532%22%2F%3E%3Crect%20width%3D%22400%22%20height%3D%22266%22%20fill%3D%22%23d2c7b5%22%20x%3D%22400%22%20y%3D%22532%22%2F%3E%3Crect%20width%3D%22400%22%20height%3D%22266%22%20fill%3D%22%23ac9688%22%20x%3D%22800%22%20y%3D%22532%22%2F%3E%3C%2Fg%3E%3C%2Fsvg%3E\" loading=\"lazy\" data-lazy=\"1\" decoding=\"async\" data-tf-src=\"https:\/\/xn--pointrnskldsvik-dtbe.se\/wp-content\/uploads\/2021\/12\/5-LAGENHET-interior-1024x751-1200x800.jpg\" width=\"1200\" height=\"800\" title=\"5 L\u00c4GENHET interi\u00f6r\" alt=\"5 L\u00c4GENHET interi\u00f6r\"><noscript><img data-tf-not-load data-no-script src=\"https:\/\/xn--pointrnskldsvik-dtbe.se\/wp-content\/uploads\/2021\/12\/5-LAGENHET-interior-1024x751-1200x800.jpg\" width=\"1200\" height=\"800\" title=\"5 L\u00c4GENHET interi\u00f6r\" alt=\"5 L\u00c4GENHET interi\u00f6r\"><\/noscript> <img src=\"data:image\/svg+xml;charset=UTF-8,%3Csvg%20xmlns%3D%22http%3A%2F%2Fwww.w3.org%2F2000%2Fsvg%22%20width%3D%221200%22%20height%3D%22800%22%3E%3Cg%20fill%3D%22%23442721%22%3E%3Crect%20width%3D%22400%22%20height%3D%22266%22%2F%3E%3Crect%20width%3D%22400%22%20height%3D%22266%22%20fill%3D%22%23dae9ff%22%20x%3D%22400%22%2F%3E%3Crect%20width%3D%22400%22%20height%3D%22266%22%20fill%3D%22%23d1e2fe%22%20x%3D%22800%22%2F%3E%3Crect%20width%3D%22400%22%20height%3D%22266%22%20fill%3D%22%23401f1a%22%20y%3D%22266%22%2F%3E%3Crect%20width%3D%22400%22%20height%3D%22266%22%20fill%3D%22%23dfe7fc%22%20x%3D%22400%22%20y%3D%22266%22%2F%3E%3Crect%20width%3D%22400%22%20height%3D%22266%22%20fill%3D%22%23727f78%22%20x%3D%22800%22%20y%3D%22266%22%2F%3E%3Crect%20width%3D%22400%22%20height%3D%22266%22%20fill%3D%22%23727c88%22%20y%3D%22532%22%2F%3E%3Crect%20width%3D%22400%22%20height%3D%22266%22%20fill%3D%22%23dae5f9%22%20x%3D%22400%22%20y%3D%22532%22%2F%3E%3Crect%20width%3D%22400%22%20height%3D%22266%22%20fill%3D%22%2359604e%22%20x%3D%22800%22%20y%3D%22532%22%2F%3E%3C%2Fg%3E%3C%2Fsvg%3E\" loading=\"lazy\" data-lazy=\"1\" decoding=\"async\" data-tf-src=\"https:\/\/xn--pointrnskldsvik-dtbe.se\/wp-content\/uploads\/2021\/12\/6-FOOD-TRUCKS-1024x768-1200x800.jpg\" width=\"1200\" height=\"800\" title=\"6 FOOD TRUCKS\" alt=\"6 FOOD TRUCKS\"><noscript><img data-tf-not-load data-no-script src=\"https:\/\/xn--pointrnskldsvik-dtbe.se\/wp-content\/uploads\/2021\/12\/6-FOOD-TRUCKS-1024x768-1200x800.jpg\" width=\"1200\" height=\"800\" title=\"6 FOOD TRUCKS\" alt=\"6 FOOD TRUCKS\"><\/noscript> <img src=\"data:image\/svg+xml;charset=UTF-8,%3Csvg%20xmlns%3D%22http%3A%2F%2Fwww.w3.org%2F2000%2Fsvg%22%20width%3D%221200%22%20height%3D%22800%22%3E%3Cg%20fill%3D%22%2328293d%22%3E%3Crect%20width%3D%22400%22%20height%3D%22266%22%2F%3E%3Crect%20width%3D%22400%22%20height%3D%22266%22%20fill%3D%22%232a2b3f%22%20x%3D%22400%22%2F%3E%3Crect%20width%3D%22400%22%20height%3D%22266%22%20fill%3D%22%232f3044%22%20x%3D%22800%22%2F%3E%3Crect%20width%3D%22400%22%20height%3D%22266%22%20fill%3D%22%2328293b%22%20y%3D%22266%22%2F%3E%3Crect%20width%3D%22400%22%20height%3D%22266%22%20fill%3D%22%232a2b3d%22%20x%3D%22400%22%20y%3D%22266%22%2F%3E%3Crect%20width%3D%22400%22%20height%3D%22266%22%20fill%3D%22%232a2b3d%22%20x%3D%22800%22%20y%3D%22266%22%2F%3E%3Crect%20width%3D%22400%22%20height%3D%22266%22%20fill%3D%22%23967564%22%20y%3D%22532%22%2F%3E%3Crect%20width%3D%22400%22%20height%3D%22266%22%20fill%3D%22%23647a91%22%20x%3D%22400%22%20y%3D%22532%22%2F%3E%3Crect%20width%3D%22400%22%20height%3D%22266%22%20fill%3D%22%23191516%22%20x%3D%22800%22%20y%3D%22532%22%2F%3E%3C%2Fg%3E%3C%2Fsvg%3E\" loading=\"lazy\" data-lazy=\"1\" decoding=\"async\" data-tf-src=\"https:\/\/xn--pointrnskldsvik-dtbe.se\/wp-content\/uploads\/2021\/12\/7-TORGET-kvall-Beskuren-1024x647-1200x800.jpg\" width=\"1200\" height=\"800\" title=\"7 TORGET kv\u00e4ll Beskuren\" alt=\"7 TORGET kv\u00e4ll Beskuren\"><noscript><img data-tf-not-load data-no-script src=\"https:\/\/xn--pointrnskldsvik-dtbe.se\/wp-content\/uploads\/2021\/12\/7-TORGET-kvall-Beskuren-1024x647-1200x800.jpg\" width=\"1200\" height=\"800\" title=\"7 TORGET kv\u00e4ll Beskuren\" alt=\"7 TORGET kv\u00e4ll Beskuren\"><\/noscript> <img src=\"data:image\/svg+xml;charset=UTF-8,%3Csvg%20xmlns%3D%22http%3A%2F%2Fwww.w3.org%2F2000%2Fsvg%22%20width%3D%221200%22%20height%3D%22800%22%3E%3Cg%20fill%3D%22%2394705a%22%3E%3Crect%20width%3D%22400%22%20height%3D%22266%22%2F%3E%3Crect%20width%3D%22400%22%20height%3D%22266%22%20fill%3D%22%23c4b1a0%22%20x%3D%22400%22%2F%3E%3Crect%20width%3D%22400%22%20height%3D%22266%22%20fill%3D%22%239c7a5f%22%20x%3D%22800%22%2F%3E%3Crect%20width%3D%22400%22%20height%3D%22266%22%20fill%3D%22%23b59b8c%22%20y%3D%22266%22%2F%3E%3Crect%20width%3D%22400%22%20height%3D%22266%22%20fill%3D%22%23b3aaa3%22%20x%3D%22400%22%20y%3D%22266%22%2F%3E%3Crect%20width%3D%22400%22%20height%3D%22266%22%20fill%3D%22%23744f3c%22%20x%3D%22800%22%20y%3D%22266%22%2F%3E%3Crect%20width%3D%22400%22%20height%3D%22266%22%20fill%3D%22%23c9b3a5%22%20y%3D%22532%22%2F%3E%3Crect%20width%3D%22400%22%20height%3D%22266%22%20fill%3D%22%23cecac9%22%20x%3D%22400%22%20y%3D%22532%22%2F%3E%3Crect%20width%3D%22400%22%20height%3D%22266%22%20fill%3D%22%23635b58%22%20x%3D%22800%22%20y%3D%22532%22%2F%3E%3C%2Fg%3E%3C%2Fsvg%3E\" loading=\"lazy\" data-lazy=\"1\" decoding=\"async\" data-tf-src=\"https:\/\/xn--pointrnskldsvik-dtbe.se\/wp-content\/uploads\/2021\/12\/8-TORN-interior-1024x751-1200x800.jpg\" width=\"1200\" height=\"800\" title=\"8 TORN interi\u00f6r\" alt=\"8 TORN interi\u00f6r\"><noscript><img data-tf-not-load data-no-script src=\"https:\/\/xn--pointrnskldsvik-dtbe.se\/wp-content\/uploads\/2021\/12\/8-TORN-interior-1024x751-1200x800.jpg\" width=\"1200\" height=\"800\" title=\"8 TORN interi\u00f6r\" alt=\"8 TORN interi\u00f6r\"><\/noscript>\n<h2>Om Kvarteret London \u00e5r 2024<\/h2>\n<p>Va\u030ar vision a\u0308r att utveckla Kv. London till en attraktiv, varierad och ha\u030allbar del av O\u0308rnsko\u0308ldsviks centrum. Genom att bygga ovanpa\u030a det befintliga Magasinet tillfo\u0308r vi staden nya bosta\u0308der och funktioner i ba\u0308sta la\u0308ge utan att ta va\u0308rdefull obebyggd mark i anspra\u030ak.<\/p> <p>Kv. London blir en tydlig och dynamisk mittpunkt i staden med boende, handel, service och kontor. D\u00e4r du kan bo i en fastighet med det mesta som du beh\u00f6ver f\u00f6r ett gott liv. Vardagens bestyr, stadens gemenskap, n\u00e4ra fr\u00e5n och till. I en fastighet som bidrar till ett sjudande liv som en mittpunkt f\u00f6r en hel ort. D\u00e4r olika generationer och m\u00e4nniskor med olika erfarenheter kan m\u00f6tas och umg\u00e5s, d\u00e4r inga tr\u00f6sklar finns f\u00f6r st\u00f6rre gemenskap.<\/p> <p>V\u00e4lkommen till Kvarteret London!<\/p>\n<ul> <li> <p dir=\"ltr\">Kv London skapar nya f\u00f6ruts\u00e4ttningar f\u00f6r en livskraftig centrumk\u00e4rna i \u00d6rnsk\u00f6ldsvik<\/p> <\/li> <li> <p dir=\"ltr\">Vardagslivets behov av handel och service finns samlat<\/p> <\/li> <li> <p dir=\"ltr\">Ett boende d\u00e4r det \u00e4r enkelt att umg\u00e5s<\/p> <\/li> <\/ul>\n<p style=\"text-align: center;\"><a style=\"color: #ffffff;\" href=\"#intresse\">Till intresseanm\u00e4lan<\/a><\/p>\n\n<img src=\"data:image\/svg+xml;charset=UTF-8,%3Csvg%20xmlns%3D%22http%3A%2F%2Fwww.w3.org%2F2000%2Fsvg%22%20width%3D%221200%22%20height%3D%22800%22%3E%3Cg%20fill%3D%22%2392b1d0%22%3E%3Crect%20width%3D%22400%22%20height%3D%22266%22%2F%3E%3Crect%20width%3D%22400%22%20height%3D%22266%22%20fill%3D%22%236798c1%22%20x%3D%22400%22%2F%3E%3Crect%20width%3D%22400%22%20height%3D%22266%22%20fill%3D%22%23ffffff%22%20x%3D%22800%22%2F%3E%3Crect%20width%3D%22400%22%20height%3D%22266%22%20fill%3D%22%2385766f%22%20y%3D%22266%22%2F%3E%3Crect%20width%3D%22400%22%20height%3D%22266%22%20fill%3D%22%238fb6d7%22%20x%3D%22400%22%20y%3D%22266%22%2F%3E%3Crect%20width%3D%22400%22%20height%3D%22266%22%20fill%3D%22%23ffffff%22%20x%3D%22800%22%20y%3D%22266%22%2F%3E%3Crect%20width%3D%22400%22%20height%3D%22266%22%20fill%3D%22%233c4240%22%20y%3D%22532%22%2F%3E%3Crect%20width%3D%22400%22%20height%3D%22266%22%20fill%3D%22%23b7d5f1%22%20x%3D%22400%22%20y%3D%22532%22%2F%3E%3Crect%20width%3D%22400%22%20height%3D%22266%22%20fill%3D%22%23ffffff%22%20x%3D%22800%22%20y%3D%22532%22%2F%3E%3C%2Fg%3E%3C%2Fsvg%3E\" loading=\"lazy\" data-lazy=\"1\" decoding=\"async\" data-tf-src=\"https:\/\/xn--pointrnskldsvik-dtbe.se\/wp-content\/uploads\/2021\/12\/splitbild-1024x717-1200x800.jpg\" width=\"1200\" height=\"800\" title=\"splitbild\" alt=\"splitbild\"><noscript><img data-tf-not-load data-no-script src=\"https:\/\/xn--pointrnskldsvik-dtbe.se\/wp-content\/uploads\/2021\/12\/splitbild-1024x717-1200x800.jpg\" width=\"1200\" height=\"800\" title=\"splitbild\" alt=\"splitbild\"><\/noscript>\n<h2>Point Properties \u00e5terskapar levande stadsk\u00e4rnor<\/h2>\n<p dir=\"ltr\">Point Properties \u00e4r ett fastighetsbolag som \u00e5terskapar skapar levande och attraktiva stadsk\u00e4rnor runt om i Sveriges sm\u00e5 och mellanstora st\u00e4der. Genom att utveckla v\u00e5ra fastigheter tar vi ett helhetsgrepp kring boende, handel och samh\u00e4llsservice som kommer hela orten tillgodo. Vi vill helt enkelt skapa ny mylla f\u00f6r att svenska stadsk\u00e4rnor \u00e5terigen ska blomma ut till vad de en g\u00e5ng var. En levande m\u00f6tesplats f\u00f6r alla m\u00e4nniskor som bor i en stad.<\/p>\n<ul> <li>Point Properties skapar levande och attraktiva stadsk\u00e4rnor <\/li> <li>Vi tar ett helhetsgrepp kring boende, handel och samh\u00e4llsservice<\/li> <li>Idag har vi 19 fastigheter i 13 kommuner runt om i landet<\/li> <li>De globala h\u00e5llbarhetsm\u00e5len mitt p\u00e5 torget \u2013 h\u00e5llbar utveckling \u00e4r f\u00f6r oss en sj\u00e4lvklarhet<\/li> <\/ul>\n<p style=\"text-align: center;\"><a style=\"color: #ffffff;\" href=\"#intresse\">Till intresseanm\u00e4lan<\/a><\/p>\n\n<img src=\"data:image\/svg+xml;charset=UTF-8,%3Csvg%20xmlns%3D%22http%3A%2F%2Fwww.w3.org%2F2000%2Fsvg%22%20width%3D%221200%22%20height%3D%22800%22%3E%3Cg%20fill%3D%22%23c4d6ee%22%3E%3Crect%20width%3D%22400%22%20height%3D%22266%22%2F%3E%3Crect%20width%3D%22400%22%20height%3D%22266%22%20fill%3D%22%23d9e3ef%22%20x%3D%22400%22%2F%3E%3Crect%20width%3D%22400%22%20height%3D%22266%22%20fill%3D%22%23e9f0f8%22%20x%3D%22800%22%2F%3E%3Crect%20width%3D%22400%22%20height%3D%22266%22%20fill%3D%22%23614f41%22%20y%3D%22266%22%2F%3E%3Crect%20width%3D%22400%22%20height%3D%22266%22%20fill%3D%22%23f1f5f8%22%20x%3D%22400%22%20y%3D%22266%22%2F%3E%3Crect%20width%3D%22400%22%20height%3D%22266%22%20fill%3D%22%2397956e%22%20x%3D%22800%22%20y%3D%22266%22%2F%3E%3Crect%20width%3D%22400%22%20height%3D%22266%22%20fill%3D%22%235f5651%22%20y%3D%22532%22%2F%3E%3Crect%20width%3D%22400%22%20height%3D%22266%22%20fill%3D%22%233b3330%22%20x%3D%22400%22%20y%3D%22532%22%2F%3E%3Crect%20width%3D%22400%22%20height%3D%22266%22%20fill%3D%22%233d4142%22%20x%3D%22800%22%20y%3D%22532%22%2F%3E%3C%2Fg%3E%3C%2Fsvg%3E\" loading=\"lazy\" data-lazy=\"1\" decoding=\"async\" data-tf-src=\"https:\/\/xn--pointrnskldsvik-dtbe.se\/wp-content\/uploads\/2021\/12\/4-INNERGARD-1024x736-1200x800.jpg\" width=\"1200\" height=\"800\" title=\"4 INNERG\u00c5RD\" alt=\"4 INNERG\u00c5RD\"><noscript><img data-tf-not-load data-no-script src=\"https:\/\/xn--pointrnskldsvik-dtbe.se\/wp-content\/uploads\/2021\/12\/4-INNERGARD-1024x736-1200x800.jpg\" width=\"1200\" height=\"800\" title=\"4 INNERG\u00c5RD\" alt=\"4 INNERG\u00c5RD\"><\/noscript>\n<h2>Boende mitt i centrum<\/h2>\n<p>Bor du i Kvarteret London bor du n\u00e4ra och enkelt till det mesta. Du bor mitt i centrum och har det mesta som du beh\u00f6ver f\u00f6r vardagen i fastigheten och runtomkring. Du kan umg\u00e5s p\u00e5 fastigheten, i city och har n\u00e4ra till natur och sj\u00f6.<\/p>\n<ul> <li> <p dir=\"ltr\">60 hyresl\u00e4genheter d\u00e4r du kan v\u00e4lja mellan 1-4 rum och k\u00f6k<\/p> <\/li> <li> <p dir=\"ltr\">Hissar i fastigheterna<\/p> <\/li> <li> <p dir=\"ltr\">Gemensam innerg\u00e5rd med gr\u00f6nska och \u00f6ppna ytor<\/p> <\/li> <li> <p dir=\"ltr\">Enkelt att umg\u00e5s och ta del av vad staden har att erbjuda<\/p> <\/li> <\/ul>\n<p style=\"text-align: center;\"><a style=\"color: #ffffff;\" href=\"#intresse\">Till intresseanm\u00e4lan<\/a><\/p>\n\n<img src=\"data:image\/svg+xml;charset=UTF-8,%3Csvg%20xmlns%3D%22http%3A%2F%2Fwww.w3.org%2F2000%2Fsvg%22%20width%3D%221200%22%20height%3D%22800%22%3E%3Cg%20fill%3D%22%23f2f2f0%22%3E%3Crect%20width%3D%22400%22%20height%3D%22266%22%2F%3E%3Crect%20width%3D%22400%22%20height%3D%22266%22%20fill%3D%22%23d7ccb6%22%20x%3D%22400%22%2F%3E%3Crect%20width%3D%22400%22%20height%3D%22266%22%20fill%3D%22%23ccc0b0%22%20x%3D%22800%22%2F%3E%3Crect%20width%3D%22400%22%20height%3D%22266%22%20fill%3D%22%23f0f0ee%22%20y%3D%22266%22%2F%3E%3Crect%20width%3D%22400%22%20height%3D%22266%22%20fill%3D%22%23d7ccba%22%20x%3D%22400%22%20y%3D%22266%22%2F%3E%3Crect%20width%3D%22400%22%20height%3D%22266%22%20fill%3D%22%23ae957f%22%20x%3D%22800%22%20y%3D%22266%22%2F%3E%3Crect%20width%3D%22400%22%20height%3D%22266%22%20fill%3D%22%23ede9e8%22%20y%3D%22532%22%2F%3E%3Crect%20width%3D%22400%22%20height%3D%22266%22%20fill%3D%22%23d2c7b5%22%20x%3D%22400%22%20y%3D%22532%22%2F%3E%3Crect%20width%3D%22400%22%20height%3D%22266%22%20fill%3D%22%23ac9688%22%20x%3D%22800%22%20y%3D%22532%22%2F%3E%3C%2Fg%3E%3C%2Fsvg%3E\" loading=\"lazy\" data-lazy=\"1\" decoding=\"async\" data-tf-src=\"https:\/\/xn--pointrnskldsvik-dtbe.se\/wp-content\/uploads\/2021\/12\/5-LAGENHET-interior-1024x751-1200x800.jpg\" width=\"1200\" height=\"800\" title=\"5 L\u00c4GENHET interi\u00f6r\" alt=\"5 L\u00c4GENHET interi\u00f6r\"><noscript><img data-tf-not-load data-no-script src=\"https:\/\/xn--pointrnskldsvik-dtbe.se\/wp-content\/uploads\/2021\/12\/5-LAGENHET-interior-1024x751-1200x800.jpg\" width=\"1200\" height=\"800\" title=\"5 L\u00c4GENHET interi\u00f6r\" alt=\"5 L\u00c4GENHET interi\u00f6r\"><\/noscript>\n<h2>Hyresl\u00e4genheterna<\/h2>\n<p dir=\"ltr\">Oavsett om du v\u00e4ljer att bo i ett rum och k\u00f6k, eller fyra \u2013 varje l\u00e4genhet \u00e4r utrustad med en hel stad. Inklusive ett hus d\u00e4r du finner det mesta som du beh\u00f6ver f\u00f6r en bekv\u00e4m och sk\u00f6n vardag. Precis utanf\u00f6r din tr\u00f6skel.<\/p>\n<ul> <li> <p dir=\"ltr\">Totalt 60 stycken<\/p> <\/li> <li> <p dir=\"ltr\">1 rok \u2013 9 st om 35 kvm<\/p> <\/li> <li> <p dir=\"ltr\">2 rok \u2013 23 st om 49 kvm<\/p> <\/li> <li> <p dir=\"ltr\">3 rok \u2013 22 st om 75 kvm<\/p> <\/li> <li> <p dir=\"ltr\">4 rok \u2013 6 st om 88 kvm<\/p> <\/li> <\/ul>\n\n<img src=\"data:image\/svg+xml;charset=UTF-8,%3Csvg%20xmlns%3D%22http%3A%2F%2Fwww.w3.org%2F2000%2Fsvg%22%20width%3D%221200%22%20height%3D%22800%22%3E%3Cg%20fill%3D%22%23bccce3%22%3E%3Crect%20width%3D%22400%22%20height%3D%22266%22%2F%3E%3Crect%20width%3D%22400%22%20height%3D%22266%22%20fill%3D%22%23b0c1dd%22%20x%3D%22400%22%2F%3E%3Crect%20width%3D%22400%22%20height%3D%22266%22%20fill%3D%22%23adc1dc%22%20x%3D%22800%22%2F%3E%3Crect%20width%3D%22400%22%20height%3D%22266%22%20fill%3D%22%23dde7f0%22%20y%3D%22266%22%2F%3E%3Crect%20width%3D%22400%22%20height%3D%22266%22%20fill%3D%22%23d6e0ec%22%20x%3D%22400%22%20y%3D%22266%22%2F%3E%3Crect%20width%3D%22400%22%20height%3D%22266%22%20fill%3D%22%23d3dfeb%22%20x%3D%22800%22%20y%3D%22266%22%2F%3E%3Crect%20width%3D%22400%22%20height%3D%22266%22%20fill%3D%22%23404751%22%20y%3D%22532%22%2F%3E%3Crect%20width%3D%22400%22%20height%3D%22266%22%20fill%3D%22%23181725%22%20x%3D%22400%22%20y%3D%22532%22%2F%3E%3Crect%20width%3D%22400%22%20height%3D%22266%22%20fill%3D%22%2347485a%22%20x%3D%22800%22%20y%3D%22532%22%2F%3E%3C%2Fg%3E%3C%2Fsvg%3E\" loading=\"lazy\" data-lazy=\"1\" decoding=\"async\" data-tf-src=\"https:\/\/xn--pointrnskldsvik-dtbe.se\/wp-content\/uploads\/2019\/12\/3-Kv-Pl\u00e5tslagaren-2022-Rakt-fr\u00e5n-Torget--1024x724-1200x800.jpg\" width=\"1200\" height=\"800\" title=\"3-Kv-Pl\u00e5tslagaren-2022-Rakt-fr\u00e5n-Torget-\" alt=\"3-Kv-Pl\u00e5tslagaren-2022-Rakt-fr\u00e5n-Torget-\"><noscript><img data-tf-not-load data-no-script src=\"https:\/\/xn--pointrnskldsvik-dtbe.se\/wp-content\/uploads\/2019\/12\/3-Kv-Pl\u00e5tslagaren-2022-Rakt-fr\u00e5n-Torget--1024x724-1200x800.jpg\" width=\"1200\" height=\"800\" title=\"3-Kv-Pl\u00e5tslagaren-2022-Rakt-fr\u00e5n-Torget-\" alt=\"3-Kv-Pl\u00e5tslagaren-2022-Rakt-fr\u00e5n-Torget-\"><\/noscript>\n<h2 dir=\"ltr\">Se v\u00e5ra projekt i Motala, Trelleborg, Bolln\u00e4s och Karlskoga<\/h2>\n<p>I\u00a0december 2019 lanserades v\u00e5rt f\u00f6rsta projekt i Motala, d\u00e4refter Trelleborg, Bolln\u00e4s och Karlskoga. Titta g\u00e4rna och se mer av dessa fina projekt, men vi tror nog \u00e4nd\u00e5 att du kommer trivas b\u00e4st i \u00d6rnsk\u00f6ldsvik! <a href=\"https:\/\/www.pointproperties.se\/\" target=\"_blank\" rel=\"noopener\" data-saferedirecturl=\"https:\/\/www.google.com\/url?q=https:\/\/www.pointproperties.se\/&amp;source=gmail&amp;ust=1625004286425000&amp;usg=AFQjCNH9xNV14muNdejctNyQ1Azp5ASsJQ\">L\u00e4s mer h\u00e4r.<\/a><\/p>\n\n<h2>Point Properties styrelse<\/h2>\n<p>Point Properties ledning och styrelse har l\u00e5ng och bred erfarenhet inom fastigheter, n\u00e4ringsliv, politik och samh\u00e4lle. Olika komponenter som tillsammans bildar just det som Point st\u00e5r f\u00f6r. Att se m\u00f6jligheterna f\u00f6r landets stadsk\u00e4rnor att utvecklas till stadsstj\u00e4rnor.<\/p>\n<img src=\"http:\/\/media.pointmotala.se\/2019\/12\/bjorn-rosengren.jpg\" width=\"415\" height=\"414\" title=\"Start\" alt=\"Start\">\n<h3>Bj\u00f6rn Rosengren, styrelseordf\u00f6rande<\/h3> <p style=\"text-align: center;\">Bj\u00f6rn har varit r\u00e5dgivare under 13 \u00e5r till b\u00f6rsnoterade Kinneviksf\u00e4ren, och \u00e4r idag verksam som entrepren\u00f6r och styrelsemedlem. Tidigare har han varit aktiv i politiken som n\u00e4ringslivsminister, i statsf\u00f6rvaltningen som landsh\u00f6vding samt chef f\u00f6r TCO och p\u00e5 toppniv\u00e5 inom fackf\u00f6reningsr\u00f6relsen<\/p>\n<img src=\"http:\/\/media.pointmotala.se\/2019\/12\/carl-bildt.jpg\" width=\"415\" height=\"414\" title=\"Start\" alt=\"Start\">\n<h3>Carl Bildt, styrelseledamot<\/h3> <p style=\"text-align: center;\">Carl har tidigare varit partiordf\u00f6rande (Moderata Samlingspartiet, 1986\u20131999), utrikesminister (2006\u20132014) och statsminister (1991\u20131994). D\u00e4rtill har han haft en rad internationella uppdrag, bland annat inom FN. Idag har han uppdrag som styrelseledamot i n\u00e4ringslivet och inom den internationella ideella sektorn.<\/p>\n<img src=\"http:\/\/media.pointmotala.se\/2019\/12\/karl-johan-jarnheimer.jpg\" width=\"415\" height=\"414\" title=\"Start\" alt=\"Start\">\n<h3>Lars-Johan Jarnheimer, styrelseledamot<\/h3> <p style=\"text-align: center;\">Lars-Johan har gedigen erfarenhet som aff\u00e4rsledare med poster som VD och koncernchef p\u00e5 Tele2 samt VD inom Kinnevikkoncernen. Nyligen utn\u00e4mnd till styrelseordf\u00f6rande i Telia. \u00c5r 2003 tilldelades han utm\u00e4rkelsen \u00c5rets ledare.<\/p>\n<img src=\"http:\/\/media.pointmotala.se\/2019\/12\/bjorn-rosengren.jpg\" width=\"415\" height=\"414\" title=\"Start\" alt=\"Start\">\n<h3>Bj\u00f6rn Rosengren, styrelseordf\u00f6rande<\/h3> <p style=\"text-align: center;\">Bj\u00f6rn har varit r\u00e5dgivare under 13 \u00e5r till b\u00f6rsnoterade Kinneviksf\u00e4ren, och \u00e4r idag verksam som entrepren\u00f6r och styrelsemedlem. Tidigare har han varit aktiv i politiken som n\u00e4ringslivsminister, i statsf\u00f6rvaltningen som landsh\u00f6vding samt chef f\u00f6r TCO och p\u00e5 toppniv\u00e5 inom fackf\u00f6reningsr\u00f6relsen<\/p>\n<img src=\"http:\/\/media.pointmotala.se\/2019\/12\/carl-bildt.jpg\" width=\"415\" height=\"414\" title=\"Start\" alt=\"Start\">\n<h3>Carl Bildt, styrelseledamot<\/h3> <p style=\"text-align: center;\">Carl har tidigare varit partiordf\u00f6rande (Moderata Samlingspartiet, 1986\u20131999), utrikesminister (2006\u20132014) och statsminister (1991\u20131994). D\u00e4rtill har han haft en rad internationella uppdrag, bland annat inom FN. Idag har han uppdrag som styrelseledamot i n\u00e4ringslivet och inom den internationella ideella sektorn.<\/p>\n<img src=\"http:\/\/media.pointmotala.se\/2019\/12\/karl-johan-jarnheimer.jpg\" width=\"415\" height=\"414\" title=\"Start\" alt=\"Start\">\n<h3>Lars-Johan Jarnheimer, styrelseledamot<\/h3> <p style=\"text-align: center;\">Lars-Johan har gedigen erfarenhet som aff\u00e4rsledare med poster som VD och koncernchef p\u00e5 Tele2 samt VD inom Kinnevikkoncernen. Utn\u00e4mnd 2019 till styrelseordf\u00f6rande i Telia. \u00c5r 2003 tilldelades han utm\u00e4rkelsen \u00c5rets ledare.<\/p>\n<img src=\"http:\/\/media.pointmotala.se\/2019\/12\/paul-larsson.jpg\" width=\"415\" height=\"414\" title=\"Start\" alt=\"Start\">\n<h3>Paul \u201dDino\u201d Larsson, styrelseledamot<\/h3> <p style=\"text-align: center;\">Paul \u00e4r specialiserad inom dagligvaruhandel och har betydelsefull erfarenhet av att driva matbutiker, vilket innefattar allt fr\u00e5n personalansvar till konceptutveckling av bl.a. digitala betalningsl\u00f6sningar. Idag \u00e4r Paul verksam som handlare och entrepren\u00f6r p\u00e5 Maxi Ica Stormarknad i Visby.<\/p>\n<img src=\"http:\/\/media.pointmotala.se\/2019\/12\/paul-larsson.jpg\" width=\"415\" height=\"414\" title=\"Start\" alt=\"Start\">\n<h3>Paul \u201dDino\u201d Larsson, styrelseledamot<\/h3> <p style=\"text-align: center;\">Paul \u00e4r specialiserad inom dagligvaruhandel och har betydelsefull erfarenhet av att driva matbutiker, vilket innefattar allt fr\u00e5n personalansvar till konceptutveckling av bl.a. digitala betalningsl\u00f6sningar. Idag \u00e4r Paul verksam som handlare och entrepren\u00f6r p\u00e5 Maxi Ica Stormarknad i Visby.<\/p>\n<img src=\"http:\/\/media.pointmotala.se\/2019\/12\/erik-tillberg-1.jpg\" width=\"415\" height=\"414\" title=\"Start\" alt=\"Start\">\n<h3>Erik Tillberg, styrelseledamot<\/h3> <p style=\"text-align: center;\">Erik har 25 \u00e5rs internationell erfarenhet som konsult inom aff\u00e4rsutveckling och varum\u00e4rkesr\u00e5dgivning. Under sin karri\u00e4r har han arbetat med hundratals kunder inom privat och offentlig sektor. Erik \u00e4r idag VD och partner p\u00e5 aff\u00e4rsutvecklings- och varum\u00e4rkesbyr\u00e5n Priority Group.<\/p>\n<img src=\"https:\/\/www.xn--pointbollns-u8a.se\/wp-content\/uploads\/2021\/03\/Joachim-Kuylenstierna-Fastator-2.png\" width=\"906\" height=\"887\" title=\"Start\" alt=\"Start\">\n<h3>Joachim Kuylenstierna, styrelseledamot<\/h3> <p style=\"text-align: center;\">Joachim \u00e4r en av grundarna till Fastator (\u00e4gare till Point Properties). Han har \u00f6ver 25 \u00e5rs erfarenhet av att bygga upp och driva fastighetsprojekt. De senaste \u00e5ren har Joachim varit verksam som entrepren\u00f6r inom fastighetsbranschen, samt varit VD f\u00f6r ett flertal fastighetsrelaterade bolag.<\/p>\n<img src=\"http:\/\/media.pointmotala.se\/2019\/12\/erik-tillberg-1.jpg\" width=\"415\" height=\"414\" title=\"Start\" alt=\"Start\">\n<h3>Erik Tillberg<\/h3> <p style=\"text-align: center;\">Erik har 25 \u00e5rs internationell erfarenhet som konsult inom aff\u00e4rsutveckling och varum\u00e4rkesr\u00e5dgivning. Under sin karri\u00e4r har han arbetat med hundratals kunder inom privat och offentlig sektor. Erik \u00e4r idag VD och partner p\u00e5 aff\u00e4rsutvecklings- och varum\u00e4rkesbyr\u00e5n Priority Group.<\/p>\n<img src=\"http:\/\/media.pointmotala.se\/2020\/06\/Joachim_Kuylenstierna_.jpg\" width=\"415\" height=\"414\" title=\"Start\" alt=\"Start\">\n<h3>Joachim Kuylenstierna<\/h3> <p style=\"text-align: center;\">Joachim \u00e4r en av grundarna till Fastator (\u00e4gare till Point Properties). Han har \u00f6ver 25 \u00e5rs erfarenhet av att bygga upp och driva fastighetsprojekt. De senaste \u00e5ren har Joachim varit verksam som entrepren\u00f6r inom fastighetsbranschen, samt varit VD f\u00f6r ett flertal fastighetsrelaterade bolag.<\/p>\n<img src=\"https:\/\/xn--pointrnskldsvik-dtbe.se\/wp-content\/uploads\/2021\/06\/magnus-vd-ny.jpg\" title=\"magnus-vd-ny\" alt=\"magnus-vd-ny\" srcset=\"https:\/\/xn--pointrnskldsvik-dtbe.se\/wp-content\/uploads\/2021\/06\/magnus-vd-ny.jpg 415w, https:\/\/xn--pointrnskldsvik-dtbe.se\/wp-content\/uploads\/2021\/06\/magnus-vd-ny-300x300.jpg 300w, https:\/\/xn--pointrnskldsvik-dtbe.se\/wp-content\/uploads\/2021\/06\/magnus-vd-ny-150x150.jpg 150w\" sizes=\"(max-width: 415px) 100vw, 415px\" \/>\n<h3>Magnus \u00c5kesson, VD<\/h3> <p style=\"text-align: center;\">Magnus \u00c5kesson \u00e4r civilingenj\u00f6r inom fastighetsekonomi och juridik, och har i n\u00e4rmare tv\u00e5 decennier arbetat p\u00e5 olika ledande bolag inom f\u00f6rvaltning och projektutveckling. Fr\u00e4mst med inriktning p\u00e5 handelsfastigheter, centrumanl\u00e4ggningar och stadsdelscentrum. Genom \u00e5ren har han varit ansvarig f\u00f6r ett tjugotal centrumanl\u00e4ggningar, huvudansvarig f\u00f6r Solna Centrums ombyggnation och \u00e4ven arbetat med Mall of Scandinavia.<\/p>\n\n<h2>Intresseanm\u00e4lan f\u00f6r l\u00e4genhet<\/h2>\n<p>Du kan anm\u00e4la ditt intresse f\u00f6r bostad redan idag. Anm\u00e4lan \u00e4r inte bindande p\u00e5 n\u00e5got s\u00e4tt, och du kommer fortl\u00f6pande att f\u00e5 information om Kvartersstaden R\u00e5kan.<\/p>\n[wpforms id=\"169\" title=\"false\" description=\"false\"]","_links":{"self":[{"href":"https:\/\/xn--pointrnskldsvik-dtbe.se\/index.php?rest_route=\/wp\/v2\/pages\/10"}],"collection":[{"href":"https:\/\/xn--pointrnskldsvik-dtbe.se\/index.php?rest_route=\/wp\/v2\/pages"}],"about":[{"href":"https:\/\/xn--pointrnskldsvik-dtbe.se\/index.php?rest_route=\/wp\/v2\/types\/page"}],"author":[{"embeddable":true,"href":"https:\/\/xn--pointrnskldsvik-dtbe.se\/index.php?rest_route=\/wp\/v2\/users\/1"}],"replies":[{"embeddable":true,"href":"https:\/\/xn--pointrnskldsvik-dtbe.se\/index.php?rest_route=%2Fwp%2Fv2%2Fcomments&post=10"}],"version-history":[{"count":88,"href":"https:\/\/xn--pointrnskldsvik-dtbe.se\/index.php?rest_route=\/wp\/v2\/pages\/10\/revisions"}],"predecessor-version":[{"id":195,"href":"https:\/\/xn--pointrnskldsvik-dtbe.se\/index.php?rest_route=\/wp\/v2\/pages\/10\/revisions\/195"}],"wp:attachment":[{"href":"https:\/\/xn--pointrnskldsvik-dtbe.se\/index.php?rest_route=%2Fwp%2Fv2%2Fmedia&parent=10"}],"curies":[{"name":"wp","href":"https:\/\/api.w.org\/{rel}","templated":true}]}}